{"id":787,"date":"2023-12-22T09:21:30","date_gmt":"2023-12-22T08:21:30","guid":{"rendered":"https:\/\/archive-argealp.eu\/programma-di-scambio-degli-archivi-arge-alp\/"},"modified":"2024-05-14T16:57:33","modified_gmt":"2024-05-14T14:57:33","slug":"programma-di-scambio-degli-archivi-arge-alp","status":"publish","type":"page","link":"https:\/\/archive-argealp.eu\/it\/programma-di-scambio-degli-archivi-arge-alp\/","title":{"rendered":"Programma di scambio degli archivi ARGE ALP"},"content":{"rendered":"\t\t<div data-elementor-type=\"wp-page\" data-elementor-id=\"787\" class=\"elementor elementor-787 elementor-112\" data-elementor-post-type=\"page\">\n\t\t\t\t<div class=\"elementor-element elementor-element-2f76dd4 e-con-full e-flex e-con e-parent\" data-id=\"2f76dd4\" data-element_type=\"container\" data-e-type=\"container\">\n\t\t<div class=\"elementor-element elementor-element-9271cc4 e-con-full e-flex e-con e-child\" data-id=\"9271cc4\" data-element_type=\"container\" data-e-type=\"container\">\n\t\t\t\t<div class=\"elementor-element elementor-element-b2965c1 elementor-invisible elementor-widget elementor-widget-heading\" data-id=\"b2965c1\" data-element_type=\"widget\" data-e-type=\"widget\" data-settings=\"{&quot;_animation&quot;:&quot;fadeInUp&quot;}\" data-widget_type=\"heading.default\">\n\t\t\t\t<div class=\"elementor-widget-container\">\n\t\t\t\t\t<h1 class=\"elementor-heading-title elementor-size-default\">Programma di scambio degli archivi ARGE ALP<\/h1>\t\t\t\t<\/div>\n\t\t\t\t<\/div>\n\t\t\t\t<div class=\"elementor-element elementor-element-f071a7a elementor-invisible elementor-widget elementor-widget-text-editor\" data-id=\"f071a7a\" data-element_type=\"widget\" data-e-type=\"widget\" data-settings=\"{&quot;_animation&quot;:&quot;fadeInUp&quot;}\" data-widget_type=\"text-editor.default\">\n\t\t\t\t<div class=\"elementor-widget-container\">\n\t\t\t\t\t\t\t\t\t<p>Lo scambio reciproco di informazioni ed esperienze \u00e8 sempre stato uno degli obiettivi principali degli archivi dell&#8217;ARGE ALP. Gi\u00e0 negli anni &#8217;80, i colleghi potevano trascorrere un certo periodo di tempo (di solito una o due settimane) presso un altro archivio di uno Stato membro. Questo scambio \u00e8 stato istituzionalizzato da diversi anni ed \u00e8 supportato finanziariamente anche dall&#8217;ARGE ALP. Non \u00e8 limitato agli archivi dei Paesi membri, ma comprende anche Zurigo e il Baden-W\u00fcrttemberg.<\/p>\n<p>Nel primo periodo del progetto (2015-2019), il programma di scambio \u00e8 stato utilizzato dai seguenti archivi:<\/p>\n<p>2017<\/p>\n<ul>\n<li>Archivio di Stato dei Grigioni: 3 giorni a Monaco\/ Direzione generale dell&#8217;Archivio di Stato della Baviera, febbraio 2017 (Reto Weiss)<\/li>\n<li>Archivio di Stato di Salisburgo: 2 settimane a Bolzano\/Archivio Provinciale dell&#8217;Alto Adige, maggio 2017 (Ulrike Feistmantl)<\/li>\n<li>Archivio di Stato di Salisburgo e Archivio di Stato del Tirolo: 1 settimana a Stoccarda\/Archivio di Stato del Baden-W\u00fcrttemberg, luglio\/agosto 2017 (Salisburgo: Peter Penetzdorfer, Tirolo: Tanja Hutter).<\/li>\n<li>Archivio di Stato del Cantone di Zurigo: 1 settimana a Salisburgo\/Archivio di Stato di Salisburgo, ottobre 2017 (Ines Rauschenbach)<\/li>\n<li>Archivio di Stato del Cantone di Zurigo: 10 giorni a Innsbruck\/Archivio di Stato del Tirolo, novembre 2017 (Thomas Neukom)<\/li>\n<\/ul>\n<p>2018<\/p>\n<ul>\n<li>Archivio di Stato di Salisburgo: 13 giorni a Zurigo\/Archivio di Stato del Cantone di Zurigo, marzo 2018 (Sabrina Schaller)<\/li>\n<li>Archivio di Stato del Baden-W\u00fcrttemberg: 6 giorni a Zurigo\/Archivio di Stato del Cantone di Zurigo, giugno 2018 (Andrea Rendler)<\/li>\n<li>Archivio di Stato del Tirolo: 12 giorni a Salisburgo\/Archivio di Stato di Salisburgo, settembre 2018 (Martin Ager)<\/li>\n<li>Archivio di Stato principale della Baviera: 6 giorni a Innsbruck\/Archivio di Stato del Tirolo, novembre 2018 (Christine Kofer)<\/li>\n<\/ul>\n<p>2019<\/p>\n<ul>\n<li>Archivio di Stato principale della Baviera: 3 giorni a Zurigo\/Archivio di Stato del Cantone di Zurigo, novembre 2019 (Katrin Marth)<\/li>\n<li>Archivio di Stato principale della Baviera: 1 settimana a Stoccarda\/Archivio di Stato del Baden-W\u00fcrttemberg, novembre 2019 (Hildegard Hagen)<\/li>\n<li>Archivio di Stato del Cantone di San Gallo: 1 settimana a Salisburgo\/Archivio di Stato di Salisburgo, novembre 2019 (Claudia Privitera)<\/li>\n<\/ul>\n<p>Nel secondo periodo del progetto (2020-2023), il programma di scambio \u00e8 stato utilizzato dai seguenti archivi:<\/p>\n<p>2020<\/p>\n<ul>\n<li>Archivio di Stato del Tirolo: 2 settimane a Salisburgo\/Archivio di Stato di Salisburgo, gennaio 2020 (Katrin Schett)<\/li>\n<li>Archivio di Stato del Vorarlberg: 1 settimana a Zurigo\/Archivio di Stato del Cantone di Zurigo, settembre 2020 (Clemens Andreasch)<\/li>\n<\/ul>\n<p>2021<\/p>\n<ul>\n<li>Archivio di Stato dei Grigioni: 3 giorni a Stoccarda\/Archivio di Stato del Baden-W\u00fcrttemberg, luglio 2021 (Sandro Decurtins)<\/li>\n<li>Archivio di Stato del Cantone di Zurigo: 3 giorni a San Gallo\/Archivio dell\u2019Abbazia di San Gallo,novembre 2021 (Michael Schaffner)<\/li>\n<li>Archivio dell\u2019Abbazia di San Gallo: 3 giorni a Zurigo\/Archivio di Stato del Cantone di Zurigo, dicembre 2021 (Michael Fr\u00f6stl)<\/li>\n<\/ul>\n<p>2022<\/p>\n<ul>\n<li>Archivio di Stato del Tirolo: 1 settimana a Stoccarda\/Archivio di Stato del Baden-W\u00fcrttemberg, maggio 2022 (Katrin Schett)<\/li>\n<li>Archivio di Stato del Tirolo: 2 settimane a Monaco di Baviera\/Archivio di Stato principale, ottobre 2022 (Nadja Krajicek)<\/li>\n<li>Archivio di Stato del Cantone di San Gallo: 1 settimana a Zurigo\/Archivio di Stato del Cantone di Zurigo, settembre 2022 (Mareike Heering)<\/li>\n<\/ul>\n<p>2023<\/p>\n<ul>\n<li>Archivio di Stato del Cantone di Zurigo: 3 giorni a Stoccarda\/Archivio di Stato del Baden-W\u00fcrttemberg, luglio 2023 (Rebekka Pl\u00fcss)<\/li>\n<li>Archivio di Stato del Vorarlberg: 1 giorno a Coira\/Archivio di Stato dei Grigioni, ottobre 2023 (Clemens Andreasch, Diana Fabian, Tobias Riedmann)<\/li>\n<li>Archivio di Stato del Vorarlberg: 1 giorno a Zurigo\/Archivio di Stato del Cantone di Zurigo, novembre 2023 (Clemens Andreasch, Diana Fabian, Ulrich Nachbaur, Tobias Riedmann)<\/li>\n<li>Archivio di Stato del Vorarlberg: 1 giorno a San Gallo\/Archivio di Stato del Cantone di San Gallo, novembre 2023 (Clemens Andreasch, Diana Fabian, Tobias Riedmann)<\/li>\n<li>Archivio di Stato del Cantone di Zurigo: 2 giorni a Monaco di Baviera\/Archivio di Stato principale, novembre 2023 (Thomas Neukom, Monika Rhyner)<\/li>\n<li>Archivio di Stato di Salisburgo: 2 settimane a Bolzano\/Archivio Provinciale dell&#8217;Alto Adige, novembre 2023 (Sebastian Daxner)<\/li>\n<li>Archivio di Stato del Tirolo: 1 settimana a Monaco di Baviera\/Archivio di Stato principale della Baviera, novembre 2023 (Maximilian Vonach)<\/li>\n<li>Archivio di Stato principale della Baviera : 1 settimana a Innsbruck\/Archivio di Stato del Tirolo, novembre 2023 (Alexandra Scharm\u00fcller)<\/li>\n<\/ul>\n\t\t\t\t\t\t\t\t<\/div>\n\t\t\t\t<\/div>\n\t\t\t\t<\/div>\n\t\t<div class=\"elementor-element elementor-element-7378666 e-con-full e-flex elementor-invisible e-con e-child\" data-id=\"7378666\" data-element_type=\"container\" data-e-type=\"container\" data-settings=\"{&quot;animation&quot;:&quot;fadeIn&quot;}\">\n\t\t\t\t<div class=\"elementor-element elementor-element-1035012 elementor-invisible elementor-widget elementor-widget-image\" data-id=\"1035012\" data-element_type=\"widget\" data-e-type=\"widget\" data-settings=\"{&quot;_animation&quot;:&quot;fadeInUp&quot;}\" data-widget_type=\"image.default\">\n\t\t\t\t<div class=\"elementor-widget-container\">\n\t\t\t\t\t\t\t\t\t\t\t\t\t\t\t<img fetchpriority=\"high\" decoding=\"async\" width=\"1250\" height=\"834\" src=\"https:\/\/archive-argealp.eu\/wp-content\/uploads\/2023\/12\/Polish_20230829_195107006-min-1.jpg\" class=\"attachment-full size-full wp-image-729\" alt=\"\" srcset=\"https:\/\/archive-argealp.eu\/wp-content\/uploads\/2023\/12\/Polish_20230829_195107006-min-1.jpg 1250w, https:\/\/archive-argealp.eu\/wp-content\/uploads\/2023\/12\/Polish_20230829_195107006-min-1-300x200.jpg 300w, https:\/\/archive-argealp.eu\/wp-content\/uploads\/2023\/12\/Polish_20230829_195107006-min-1-1024x683.jpg 1024w, https:\/\/archive-argealp.eu\/wp-content\/uploads\/2023\/12\/Polish_20230829_195107006-min-1-768x512.jpg 768w\" sizes=\"(max-width: 1250px) 100vw, 1250px\" \/>\t\t\t\t\t\t\t\t\t\t\t\t\t\t\t<\/div>\n\t\t\t\t<\/div>\n\t\t\t\t<\/div>\n\t\t\t\t<\/div>\n\t\t\t\t<\/div>\n\t\t","protected":false},"excerpt":{"rendered":"<p>Programma di scambio degli archivi ARGE ALP Lo scambio reciproco di informazioni ed esperienze \u00e8 sempre stato uno degli obiettivi principali degli archivi dell&#8217;ARGE ALP. Gi\u00e0 negli anni &#8217;80, i colleghi potevano trascorrere un certo periodo di tempo (di solito una o due settimane) presso un altro archivio di uno Stato membro. Questo scambio \u00e8 [&hellip;]<\/p>\n","protected":false},"author":1,"featured_media":0,"parent":0,"menu_order":0,"comment_status":"closed","ping_status":"closed","template":"elementor_header_footer","meta":{"footnotes":""},"class_list":["post-787","page","type-page","status-publish","hentry"],"_links":{"self":[{"href":"https:\/\/archive-argealp.eu\/it\/wp-json\/wp\/v2\/pages\/787","targetHints":{"allow":["GET"]}}],"collection":[{"href":"https:\/\/archive-argealp.eu\/it\/wp-json\/wp\/v2\/pages"}],"about":[{"href":"https:\/\/archive-argealp.eu\/it\/wp-json\/wp\/v2\/types\/page"}],"author":[{"embeddable":true,"href":"https:\/\/archive-argealp.eu\/it\/wp-json\/wp\/v2\/users\/1"}],"replies":[{"embeddable":true,"href":"https:\/\/archive-argealp.eu\/it\/wp-json\/wp\/v2\/comments?post=787"}],"version-history":[{"count":10,"href":"https:\/\/archive-argealp.eu\/it\/wp-json\/wp\/v2\/pages\/787\/revisions"}],"predecessor-version":[{"id":1601,"href":"https:\/\/archive-argealp.eu\/it\/wp-json\/wp\/v2\/pages\/787\/revisions\/1601"}],"wp:attachment":[{"href":"https:\/\/archive-argealp.eu\/it\/wp-json\/wp\/v2\/media?parent=787"}],"curies":[{"name":"wp","href":"https:\/\/api.w.org\/{rel}","templated":true}]}}